{"id":5972,"date":"2017-11-18T16:07:59","date_gmt":"2017-11-18T15:07:59","guid":{"rendered":"https:\/\/kirche-hilsbach-weiler.de\/hw\/?page_id=5972"},"modified":"2025-10-22T08:46:04","modified_gmt":"2025-10-22T06:46:04","slug":"salzchoerner","status":"publish","type":"page","link":"https:\/\/kirche-hilsbach-weiler.de\/hw\/?page_id=5972","title":{"rendered":"SalzCH\u00d6Rner"},"content":{"rendered":"<div id=\"attachment_11510\" style=\"width: 310px\" class=\"wp-caption alignleft\"><a href=\"https:\/\/youtu.be\/3ywMPRdMWJk?feature=shared\" target=\"_blank\" rel=\"noopener\"><img data-recalc-dims=\"1\" loading=\"lazy\" decoding=\"async\" aria-describedby=\"caption-attachment-11510\" data-attachment-id=\"11510\" data-permalink=\"https:\/\/kirche-hilsbach-weiler.de\/hw\/?attachment_id=11510\" data-orig-file=\"https:\/\/i0.wp.com\/kirche-hilsbach-weiler.de\/hw\/wp-content\/uploads\/2025\/01\/P1060971-scaled.jpg?fit=2560%2C1710&amp;ssl=1\" data-orig-size=\"2560,1710\" data-comments-opened=\"0\" data-image-meta=\"{&quot;aperture&quot;:&quot;2.8&quot;,&quot;credit&quot;:&quot;&quot;,&quot;camera&quot;:&quot;DMC-FZ150&quot;,&quot;caption&quot;:&quot;&quot;,&quot;created_timestamp&quot;:&quot;1729450427&quot;,&quot;copyright&quot;:&quot;&quot;,&quot;focal_length&quot;:&quot;4.5&quot;,&quot;iso&quot;:&quot;400&quot;,&quot;shutter_speed&quot;:&quot;0.0769230769231&quot;,&quot;title&quot;:&quot;&quot;,&quot;orientation&quot;:&quot;1&quot;}\" data-image-title=\"P1060971\" data-image-description=\"\" data-image-caption=\"\" data-large-file=\"https:\/\/i0.wp.com\/kirche-hilsbach-weiler.de\/hw\/wp-content\/uploads\/2025\/01\/P1060971-scaled.jpg?fit=700%2C468&amp;ssl=1\" class=\"wp-image-11510 size-medium\" src=\"https:\/\/i0.wp.com\/kirche-hilsbach-weiler.de\/hw\/wp-content\/uploads\/2025\/01\/P1060971.jpg?resize=300%2C200&#038;ssl=1\" alt=\"\" width=\"300\" height=\"200\" srcset=\"https:\/\/i0.wp.com\/kirche-hilsbach-weiler.de\/hw\/wp-content\/uploads\/2025\/01\/P1060971-scaled.jpg?resize=300%2C200&amp;ssl=1 300w, https:\/\/i0.wp.com\/kirche-hilsbach-weiler.de\/hw\/wp-content\/uploads\/2025\/01\/P1060971-scaled.jpg?resize=1024%2C684&amp;ssl=1 1024w, https:\/\/i0.wp.com\/kirche-hilsbach-weiler.de\/hw\/wp-content\/uploads\/2025\/01\/P1060971-scaled.jpg?resize=768%2C513&amp;ssl=1 768w, https:\/\/i0.wp.com\/kirche-hilsbach-weiler.de\/hw\/wp-content\/uploads\/2025\/01\/P1060971-scaled.jpg?resize=1536%2C1026&amp;ssl=1 1536w, https:\/\/i0.wp.com\/kirche-hilsbach-weiler.de\/hw\/wp-content\/uploads\/2025\/01\/P1060971-scaled.jpg?resize=2048%2C1368&amp;ssl=1 2048w, https:\/\/i0.wp.com\/kirche-hilsbach-weiler.de\/hw\/wp-content\/uploads\/2025\/01\/P1060971-scaled.jpg?w=1400&amp;ssl=1 1400w, https:\/\/i0.wp.com\/kirche-hilsbach-weiler.de\/hw\/wp-content\/uploads\/2025\/01\/P1060971-scaled.jpg?w=2100&amp;ssl=1 2100w\" sizes=\"auto, (max-width: 300px) 100vw, 300px\" \/><\/a><p id=\"caption-attachment-11510\" class=\"wp-caption-text\">Auff\u00fchrung der Gospelmesse 2024<\/p><\/div>\n<p>Die SalzCH\u00d6Rner wurden 1989 als Jugendchor Hilsbach-Weiler gegr\u00fcndet. Der fr\u00fchere Zusatz \u201aJunger Chor Hilsbach-Weiler\u2018 stimmt \u2013 was das Lebensalter der S\u00e4nger betrifft \u2013 heute zumindest noch gef\u00fchlt: Wir sind ungef\u00e4hr 25 S\u00e4ngerinnen und S\u00e4nger ganz unterschiedlichen Alters von etwa 18 bis 80 Jahren.<\/p>\n<p>Mitsingen darf bei uns jedoch jeder, der Freude am Singen \u00fcberwiegend neuer, aber auch mal \u00e4lterer geistlicher Lieder und Gospels hat und sich etwa ein Mal monatlich samstags von 17 bis 18.30 Uhr Zeit nehmen kann, um mit uns im Evangelischen Gemeindehaus HilsbachWeiler (Burggrafenstra\u00dfe 12, Weiler) zu proben. Die genauen Probetermine sind im Stadtanzeiger (unter Vereine der Stadtteile Hilsbach und Weiler) zu finden oder unter <a title=\"&#x73;&#x61;&#108;&#122;&#67;H&#x4f;&#x45;&#x52;&#110;&#101;r&#64;&#x6b;&#x69;&#x72;&#99;&#104;e&#x2d;&#x68;&#x69;&#108;&#115;&#98;a&#x63;&#x68;&#x2d;&#119;&#101;il&#x65;&#x72;&#x2e;&#100;&#101;\" href=\"&#x6d;&#x61;&#105;&#108;to&#x3a;&#x73;&#x61;&#108;zC&#x48;&#x4f;&#x45;&#82;&#110;e&#x72;&#x40;&#x6b;&#105;&#114;c&#x68;&#x65;&#x2d;&#104;&#105;ls&#x62;&#x61;&#x63;&#104;-w&#x65;&#x69;&#x6c;&#101;&#114;&#46;&#x64;&#x65;\">&#115;&#x61;&#108;&#x7a;C&#72;&#x4f;&#69;&#x52;n&#x65;r&#64;&#x6b;&#105;&#x72;c&#x68;&#x65;&#45;&#x68;i&#x6c;s&#98;&#x61;&#99;&#x68;-&#x77;e&#105;&#x6c;&#101;&#x72;&#46;&#100;&#x65;<\/a> zu erfragen.<\/p>\n<p>Wir singen unregelm\u00e4\u00dfig im Gottesdienst und haben bislang dreizehn Konzertprogramme meist mit kleiner Band aufgef\u00fchrt, darunter \u201aHoffnungsland\u2018 (von Nitsch, Scharnowski &amp; Werth), Begegnungen (von Nitsch &amp; Zehendner), &#8216;Lied vom Licht&#8217; (von Gregor Lin\u00dfen), die Rockmesse &#8216;Spuren der Hoffnung&#8217; mit Elementen aus Rock, Folk, Funk und Reggae und zuletzt im Oktober 2024 die <a href=\"https:\/\/youtu.be\/3ywMPRdMWJk?feature=shared\" target=\"_blank\" rel=\"noopener\">Gospelmesse &#8216;Come into his Presence&#8217; von Helmut Jost<\/a>.<\/p>\n<p>Seit 2006 hat Sabrina Keller die (ehrenamtliche) musikalische Leitung.<\/p>\n<p>Wir freuen uns \u00fcber neue S\u00e4ngerinnen und S\u00e4nger!<\/p>\n<p><strong>Ansprechpartner<\/strong>:<br \/>\nRalf Holzwarth und Carsten Glaser<br \/>\n<a title=\"s&#97;&#108;&#122;&#x43;&#x48;&#x4f;ER&#110;&#101;&#x72;&#x40;&#x6b;&#x69;rc&#104;&#101;&#x2d;&#x68;&#x69;&#x6c;s&#98;&#97;&#99;&#x68;&#x2d;&#x77;ei&#108;&#101;&#114;&#x2e;&#x64;&#x65;\" href=\"&#x6d;a&#x69;l&#x74;&#111;&#x3a;&#115;a&#x6c;z&#x43;&#72;&#x4f;&#69;&#x52;&#110;e&#x72;&#64;&#x6b;&#105;&#x72;&#99;&#x68;&#x65;-&#x68;i&#x6c;&#115;&#x62;&#97;c&#x68;-&#x77;&#101;&#x69;&#108;&#x65;&#114;&#46;&#x64;e\">&#x73;&#x61;&#108;&#122;C&#x48;&#x4f;&#x45;&#82;&#110;e&#x72;&#x40;&#x6b;&#105;&#114;c&#x68;&#x65;&#x2d;&#104;&#105;l&#x73;&#x62;&#x61;&#99;h-&#x77;&#x65;&#x69;&#108;er&#x2e;&#x64;&#101;<\/a><\/p>\n<p><strong>Bericht \u00fcber unserer Jubil\u00e4umskonzert 2019:<\/strong><br \/>\n1989 hat wohl niemand geahnt, dass aus der spontanen Idee einiger junger Erwachsener heraus, mal ein Lied mehrstimmig zu \u00fcben, sich ein Jugendchor bilden wird, der sich nach kurzer Zeit den Namen \u201aDie Salzk\u00f6rner \u2013 Junger Chor Hilsbach-Weiler\u2018 geben, dann die Schreibweise in \u201aSalzCH\u00d6Rner\u2018 \u00e4ndern, irgendwann den \u201aJungen Chor\u2018 wegfallen lassen wird, da der junge Chor nach Jahren zwar noch immer besteht aber eben nicht mehr so jung ist und 2019 sein 30-j\u00e4hriges Bestehen unter Mitwirkung der n\u00e4chsten Generation feiern kann \u2013 Kindern fr\u00fcherer und aktueller S\u00e4ngerinnen und S\u00e4nger.<\/p>\n<p>Am 20. Oktober konnten sich 180 Besucher in der Ev. Michaelskirche in Hilsbach davon \u00fcberzeugen, dass die SalzCH\u00d6Rner im Laufe dieser 30 Jahre nichts an Vitalit\u00e4t eingeb\u00fc\u00dft haben. Die inzwischen ebenfalls langj\u00e4hrige Chorleiterin Sabrina Keller hat den ganz eigenen Sound des Chores aufgenommen und verfeinert, sodass die Zuh\u00f6rer beim Jubil\u00e4umskonzert insgesamt dreizehn wohldosierte St\u00fccke h\u00f6ren konnten \u2013 vom sogenannten neuen geisltlichen Liedgut von Heiko Breuning\/David Pl\u00fcss \u00fcber liturgischen Ges\u00e4nge von Albert Frey bis hin zu einigen internationalen St\u00fccken. Nicht zu vergessen auch die Hymne \u201eSing to the Lord a new Song\u201c, das bew\u00e4hrteste St\u00fcck des SalzCH\u00d6Rner-Repertoires. Unterst\u00fctzt wurde der Chor von Jonathan Glaser am Cajon sowie Ulrich Wunsch am E-Piano.<\/p>\n<p>Zwischen den St\u00fccken hat Bruder Hubert Weiler vom Lebenszentrum Adelshofen das Thema des Abends \u201eFels in meinem Leben\u201c aufgegriffen. Gott als Fundament in unserem Leben und Jesus als treuer Freund an unserer Seite \u2013 was kann uns eigentlich besseres passieren? So lassen sich die Unw\u00e4gbarkeiten des Lebens \u2013 denen Christen genauso wie alle anderen Menschen unterworfen sind \u2013 dennoch ungleich leichter meistern \u2013 und das noch mit der Perspektive Ewigkeit. Bruder Hubert hat anschaulich dargelegt, dass wir als Christen mit diesen Rahmenbedingungen gesegnete und nicht belastete Leute sind. Gott sei Dank!<\/p>\n<p>Diese Mischung aus Freude an der Musik, Spa\u00df am Singen, die gemeinsamen Proben, Auftritte und auch mal ein gemeinsames Essen sowie die Botschaft des lebendigen Gottes verbindet junge und reifere S\u00e4ngerinnen und S\u00e4nger aus ganz nah und ein bisschen weiter weg. Und nach dem Konzert ist vor den n\u00e4chsten Aktivit\u00e4ten \u2013 wenn Sie\/Ihr Lust bekommen habt: Die Proben sind zwei- bis vierw\u00f6chig samstags von 17.00 bis 18.30 Uhr im Gemeindehaus. Herzlich Willkomen, gerne auch mal zu einem unverbindlichen Besuch.<\/p>\n<p>&nbsp;<\/p>\n","protected":false},"excerpt":{"rendered":"<p>Die SalzCH\u00d6Rner wurden 1989 als Jugendchor Hilsbach-Weiler gegr\u00fcndet. Der fr\u00fchere Zusatz \u201aJunger Chor Hilsbach-Weiler\u2018 stimmt \u2013 was das Lebensalter der S\u00e4nger betrifft \u2013 heute zumindest noch gef\u00fchlt: Wir sind ungef\u00e4hr 25 S\u00e4ngerinnen und S\u00e4nger ganz unterschiedlichen Alters von etwa 18 bis 80 Jahren. Mitsingen darf bei uns jedoch jeder, der Freude am Singen \u00fcberwiegend neuer, &#8230; <span class=\"more\"><a class=\"more-link\" href=\"https:\/\/kirche-hilsbach-weiler.de\/hw\/?page_id=5972\">[Weiter&#8230;]<\/a><\/span><\/p>\n","protected":false},"author":6,"featured_media":4216,"parent":0,"menu_order":0,"comment_status":"closed","ping_status":"closed","template":"","meta":{"ngg_post_thumbnail":0,"footnotes":""},"class_list":{"0":"entry","1":"page","2":"publish","3":"author-ekhwadmin","4":"post-5972","6":"has-post-thumbnail"},"jetpack_shortlink":"https:\/\/wp.me\/P4vBdR-1yk","jetpack_likes_enabled":false,"jetpack-related-posts":[{"id":6000,"url":"https:\/\/kirche-hilsbach-weiler.de\/hw\/?page_id=6000","url_meta":{"origin":5972,"position":0},"title":"Posaunenchor","author":"Administrator","date":"18. November 2017","format":false,"excerpt":"\"Posaunench\u00f6re sind reine Blechbl\u00e4sergruppen, deren wesentliche Aufgabe es ist, Gottesdienste mitzugestalten und auch sonst im Freien zur Ehre Gottes zu spielen\", hie\u00df es im Aufruf zur Gr\u00fcnderversammlung, die am Mittwoch, 09.12.1981 erfolgte. Die Anregung ging von Pfarrer Adalbert Glaser aus. Zur Gr\u00fcndungsversammlung kamen in Weiler unterm Kindergarten 23 Interessierte zusammen.\u2026","rel":"","context":"\u00c4hnlicher Beitrag","block_context":{"text":"\u00c4hnlicher Beitrag","link":""},"img":{"alt_text":"","src":"https:\/\/i0.wp.com\/kirche-hilsbach-weiler.de\/hw\/wp-content\/uploads\/2017\/12\/Posaunenchor.jpg?fit=1200%2C408&ssl=1&resize=350%2C200","width":350,"height":200,"srcset":"https:\/\/i0.wp.com\/kirche-hilsbach-weiler.de\/hw\/wp-content\/uploads\/2017\/12\/Posaunenchor.jpg?fit=1200%2C408&ssl=1&resize=350%2C200 1x, https:\/\/i0.wp.com\/kirche-hilsbach-weiler.de\/hw\/wp-content\/uploads\/2017\/12\/Posaunenchor.jpg?fit=1200%2C408&ssl=1&resize=525%2C300 1.5x, https:\/\/i0.wp.com\/kirche-hilsbach-weiler.de\/hw\/wp-content\/uploads\/2017\/12\/Posaunenchor.jpg?fit=1200%2C408&ssl=1&resize=700%2C400 2x, https:\/\/i0.wp.com\/kirche-hilsbach-weiler.de\/hw\/wp-content\/uploads\/2017\/12\/Posaunenchor.jpg?fit=1200%2C408&ssl=1&resize=1050%2C600 3x"},"classes":[]},{"id":5997,"url":"https:\/\/kirche-hilsbach-weiler.de\/hw\/?page_id=5997","url_meta":{"origin":5972,"position":1},"title":"PfefferCH\u00d6Rner","author":"Administrator","date":"18. November 2017","format":false,"excerpt":"Jeden Freitag von 15.55 bis 16.30 Uhr treffen wir uns im evangelischen Gemeindehaus HilsbachWeiler in der Burggrafenstra\u00dfe 12 in Weiler. Wir? Das sind Kinder im Grundschulalter (und gerne auch dar\u00fcber hinaus), die Lust am Singen haben. Immer wieder gestalten wir Gottesdienste mit oder geben Konzerte. Und die Vorschulkinder singen und\u2026","rel":"","context":"\u00c4hnlicher Beitrag","block_context":{"text":"\u00c4hnlicher Beitrag","link":""},"img":{"alt_text":"","src":"https:\/\/i0.wp.com\/kirche-hilsbach-weiler.de\/hw\/wp-content\/uploads\/2018\/03\/PfefferCH%C3%96Rner-1.jpg?fit=1200%2C421&ssl=1&resize=350%2C200","width":350,"height":200,"srcset":"https:\/\/i0.wp.com\/kirche-hilsbach-weiler.de\/hw\/wp-content\/uploads\/2018\/03\/PfefferCH%C3%96Rner-1.jpg?fit=1200%2C421&ssl=1&resize=350%2C200 1x, https:\/\/i0.wp.com\/kirche-hilsbach-weiler.de\/hw\/wp-content\/uploads\/2018\/03\/PfefferCH%C3%96Rner-1.jpg?fit=1200%2C421&ssl=1&resize=525%2C300 1.5x, https:\/\/i0.wp.com\/kirche-hilsbach-weiler.de\/hw\/wp-content\/uploads\/2018\/03\/PfefferCH%C3%96Rner-1.jpg?fit=1200%2C421&ssl=1&resize=700%2C400 2x, https:\/\/i0.wp.com\/kirche-hilsbach-weiler.de\/hw\/wp-content\/uploads\/2018\/03\/PfefferCH%C3%96Rner-1.jpg?fit=1200%2C421&ssl=1&resize=1050%2C600 3x"},"classes":[]},{"id":5988,"url":"https:\/\/kirche-hilsbach-weiler.de\/hw\/?page_id=5988","url_meta":{"origin":5972,"position":2},"title":"Kirchenchor Weiler","author":"Administrator","date":"18. November 2017","format":false,"excerpt":"Der Evangelische Kirchenchor Weiler konnte im Jahr 2010 sein 125-j\u00e4hriges Bestehen feiern. Mit gro\u00dfer Freude singt er in den Gemeindegottesdiensten zum Lobe Gottes. Immer am Sonntag \u201eKantate \u2013 Singet dem Herrn\u201c gestaltet der Kirchenchor einen besonderen kirchenmusikalischen Gottesdienst, in dem meist gr\u00f6\u00dfere Werke \u2013 auch mit Instrumentalisten - aufgef\u00fchrt werden.\u2026","rel":"","context":"\u00c4hnlicher Beitrag","block_context":{"text":"\u00c4hnlicher Beitrag","link":""},"img":{"alt_text":"","src":"","width":0,"height":0},"classes":[]},{"id":25,"url":"https:\/\/kirche-hilsbach-weiler.de\/hw\/?page_id=25","url_meta":{"origin":5972,"position":3},"title":"Infos","author":"Administrator","date":"29. Juni 2012","format":false,"excerpt":"","rel":"","context":"\u00c4hnlicher Beitrag","block_context":{"text":"\u00c4hnlicher Beitrag","link":""},"img":{"alt_text":"","src":"https:\/\/i0.wp.com\/kirche-hilsbach-weiler.de\/hw\/wp-content\/uploads\/2020\/04\/KirchenHilsbachWeiler-17-scaled.jpg?resize=350%2C200&ssl=1","width":350,"height":200,"srcset":"https:\/\/i0.wp.com\/kirche-hilsbach-weiler.de\/hw\/wp-content\/uploads\/2020\/04\/KirchenHilsbachWeiler-17-scaled.jpg?resize=350%2C200&ssl=1 1x, https:\/\/i0.wp.com\/kirche-hilsbach-weiler.de\/hw\/wp-content\/uploads\/2020\/04\/KirchenHilsbachWeiler-17-scaled.jpg?resize=525%2C300&ssl=1 1.5x, https:\/\/i0.wp.com\/kirche-hilsbach-weiler.de\/hw\/wp-content\/uploads\/2020\/04\/KirchenHilsbachWeiler-17-scaled.jpg?resize=700%2C400&ssl=1 2x, https:\/\/i0.wp.com\/kirche-hilsbach-weiler.de\/hw\/wp-content\/uploads\/2020\/04\/KirchenHilsbachWeiler-17-scaled.jpg?resize=1050%2C600&ssl=1 3x, https:\/\/i0.wp.com\/kirche-hilsbach-weiler.de\/hw\/wp-content\/uploads\/2020\/04\/KirchenHilsbachWeiler-17-scaled.jpg?resize=1400%2C800&ssl=1 4x"},"classes":[]},{"id":5991,"url":"https:\/\/kirche-hilsbach-weiler.de\/hw\/?page_id=5991","url_meta":{"origin":5972,"position":4},"title":"Kirchenchor Hilsbach","author":"Administrator","date":"18. November 2017","format":false,"excerpt":"Sie singen gerne? Und sie m\u00f6gen Kirchenmusik aus allen Epochen \u2013 klassisch bis modern?\u00a0Sie m\u00f6gen es, wenn ein Gottesdienst durch Chormusik bereichert wird? Dann sind Sie bei uns richtig \u2013 im evangelischen Kirchenchor Hilsbach.\u00a0Wir sind ein kleiner Chor mit 24 S\u00e4ngerinnen und S\u00e4ngern \u2013 jungen bis alten.\u00a0Unsere junge Dirigentin, Sabrina\u2026","rel":"","context":"\u00c4hnlicher Beitrag","block_context":{"text":"\u00c4hnlicher Beitrag","link":""},"img":{"alt_text":"","src":"https:\/\/i0.wp.com\/kirche-hilsbach-weiler.de\/hw\/wp-content\/uploads\/2017\/11\/KirchenchorHilsbach-e1511030468365.jpeg?fit=350%2C235&ssl=1&resize=350%2C200","width":350,"height":200},"classes":[]},{"id":1651,"url":"https:\/\/kirche-hilsbach-weiler.de\/hw\/?page_id=1651","url_meta":{"origin":5972,"position":5},"title":"Gemeindeleben","author":"Administrator","date":"7. M\u00e4rz 2014","format":false,"excerpt":"In vielf\u00e4ltigen Gottesdiensten und anderen regelm\u00e4\u00dfigen Veranstaltungen k\u00f6nnen Sie bei uns Gemeinde (er-)leben:","rel":"","context":"\u00c4hnlicher Beitrag","block_context":{"text":"\u00c4hnlicher Beitrag","link":""},"img":{"alt_text":"","src":"","width":0,"height":0},"classes":[]}],"jetpack_sharing_enabled":true,"_links":{"self":[{"href":"https:\/\/kirche-hilsbach-weiler.de\/hw\/index.php?rest_route=\/wp\/v2\/pages\/5972","targetHints":{"allow":["GET"]}}],"collection":[{"href":"https:\/\/kirche-hilsbach-weiler.de\/hw\/index.php?rest_route=\/wp\/v2\/pages"}],"about":[{"href":"https:\/\/kirche-hilsbach-weiler.de\/hw\/index.php?rest_route=\/wp\/v2\/types\/page"}],"author":[{"embeddable":true,"href":"https:\/\/kirche-hilsbach-weiler.de\/hw\/index.php?rest_route=\/wp\/v2\/users\/6"}],"replies":[{"embeddable":true,"href":"https:\/\/kirche-hilsbach-weiler.de\/hw\/index.php?rest_route=%2Fwp%2Fv2%2Fcomments&post=5972"}],"version-history":[{"count":8,"href":"https:\/\/kirche-hilsbach-weiler.de\/hw\/index.php?rest_route=\/wp\/v2\/pages\/5972\/revisions"}],"predecessor-version":[{"id":11681,"href":"https:\/\/kirche-hilsbach-weiler.de\/hw\/index.php?rest_route=\/wp\/v2\/pages\/5972\/revisions\/11681"}],"wp:featuredmedia":[{"embeddable":true,"href":"https:\/\/kirche-hilsbach-weiler.de\/hw\/index.php?rest_route=\/wp\/v2\/media\/4216"}],"wp:attachment":[{"href":"https:\/\/kirche-hilsbach-weiler.de\/hw\/index.php?rest_route=%2Fwp%2Fv2%2Fmedia&parent=5972"}],"curies":[{"name":"wp","href":"https:\/\/api.w.org\/{rel}","templated":true}]}}